{"id":25610,"date":"2022-02-18T03:12:10","date_gmt":"2022-02-18T04:12:10","guid":{"rendered":"https:\/\/paulojorgebarbershop.com\/?page_id=25610"},"modified":"2022-02-18T03:34:21","modified_gmt":"2022-02-18T04:34:21","slug":"privacypolicy","status":"publish","type":"page","link":"https:\/\/paulojorgebarbershop.com\/en\/privacypolicy\/","title":{"rendered":"PRIVACY POLICY"},"content":{"rendered":"<div data-elementor-type=\"wp-page\" data-elementor-id=\"25610\" class=\"elementor elementor-25610\">\n\t\t\t\t\t\t<div class=\"elementor-inner\">\n\t\t\t\t<div class=\"elementor-section-wrap\">\n\t\t\t\t\t\t\t\t\t<section class=\"elementor-section elementor-top-section elementor-element elementor-element-3cc9b919 elementor-section-height-min-height elementor-section-full_width elementor-section-stretched elementor-section-height-default elementor-section-items-middle\" data-id=\"3cc9b919\" data-element_type=\"section\" data-settings=\"{&quot;background_background&quot;:&quot;classic&quot;,&quot;background_image&quot;:{&quot;url&quot;:&quot;https:\\\/\\\/paulojorgebarbershop.com\\\/wp-content\\\/uploads\\\/2021\\\/03\\\/black.png&quot;,&quot;id&quot;:25018,&quot;alt&quot;:&quot;&quot;,&quot;source&quot;:&quot;library&quot;},&quot;stretch_section&quot;:&quot;section-stretched&quot;,&quot;background_image_tablet&quot;:{&quot;url&quot;:&quot;&quot;,&quot;id&quot;:&quot;&quot;},&quot;background_image_mobile&quot;:{&quot;url&quot;:&quot;&quot;,&quot;id&quot;:&quot;&quot;},&quot;_ha_eqh_enable&quot;:false}\">\n\t\t\t\t\t\t\t<div class=\"elementor-background-overlay\"><\/div>\n\t\t\t\t\t\t\t<div class=\"elementor-container elementor-column-gap-default\">\n\t\t\t\t\t\t\t<div class=\"elementor-row\">\n\t\t\t\t\t<div class=\"elementor-column elementor-col-100 elementor-top-column elementor-element elementor-element-54f8b002\" data-id=\"54f8b002\" data-element_type=\"column\">\n\t\t\t<div class=\"elementor-column-wrap elementor-element-populated\">\n\t\t\t\t\t\t\t<div class=\"elementor-widget-wrap\">\n\t\t\t\t\t\t<div class=\"elementor-element elementor-element-65f15f55 ee-heading--solid elementor-widget elementor-widget-heading-extended\" data-id=\"65f15f55\" data-element_type=\"widget\" data-widget_type=\"heading-extended.default\">\n\t\t\t\t<div class=\"elementor-widget-container\">\n\t\t\t\n\t\t\t<h1 class=\"ee-heading elementor-size-default\" data-title=\"Pol\u00edtica de Privacidade\"><span class=\"ee-heading__text\">\n\t\t\tPrivacy Policy\t\t<\/span><\/h1>\n\n\t\t\t\t<\/div>\n\t\t\t\t<\/div>\n\t\t\t\t<div class=\"elementor-element elementor-element-3264e2a4 elementor-widget elementor-widget-image\" data-id=\"3264e2a4\" data-element_type=\"widget\" data-widget_type=\"image.default\">\n\t\t\t\t<div class=\"elementor-widget-container\">\n\t\t\t\t\t\t\t\t<div class=\"elementor-image\">\n\t\t\t\t\t\t\t\t\t\t\t\t<img width=\"472\" height=\"127\" src=\"https:\/\/paulojorgebarbershop.com\/php_assets\/uploads\/2022\/02\/ink2.png\" class=\"attachment-large size-large\" alt=\"\" loading=\"lazy\" srcset=\"https:\/\/paulojorgebarbershop.com\/php_assets\/uploads\/2022\/02\/ink2.png 472w, https:\/\/paulojorgebarbershop.com\/php_assets\/uploads\/2022\/02\/ink2-300x81.png 300w, https:\/\/paulojorgebarbershop.com\/php_assets\/uploads\/2022\/02\/ink2-18x5.png 18w, https:\/\/paulojorgebarbershop.com\/php_assets\/uploads\/2022\/02\/ink2-120x32.png 120w, https:\/\/paulojorgebarbershop.com\/php_assets\/uploads\/2022\/02\/ink2-81x22.png 81w\" sizes=\"(max-width: 472px) 100vw, 472px\" \/>\t\t\t\t\t\t\t\t\t\t\t\t\t\t<\/div>\n\t\t\t\t\t\t<\/div>\n\t\t\t\t<\/div>\n\t\t\t\t\t\t<\/div>\n\t\t\t\t\t<\/div>\n\t\t<\/div>\n\t\t\t\t\t\t\t\t<\/div>\n\t\t\t\t\t<\/div>\n\t\t<\/section>\n\t\t\t\t<section class=\"elementor-section elementor-top-section elementor-element elementor-element-c0f84c1 elementor-section-stretched elementor-section-boxed elementor-section-height-default elementor-section-height-default\" data-id=\"c0f84c1\" data-element_type=\"section\" data-settings=\"{&quot;stretch_section&quot;:&quot;section-stretched&quot;,&quot;background_background&quot;:&quot;classic&quot;,&quot;background_image&quot;:{&quot;url&quot;:&quot;https:\\\/\\\/paulojorgebarbershop.com\\\/wp-content\\\/uploads\\\/2022\\\/02\\\/border_1.png&quot;,&quot;id&quot;:24952,&quot;alt&quot;:&quot;&quot;,&quot;source&quot;:&quot;library&quot;},&quot;background_image_tablet&quot;:{&quot;url&quot;:&quot;&quot;,&quot;id&quot;:&quot;&quot;},&quot;background_image_mobile&quot;:{&quot;url&quot;:&quot;&quot;,&quot;id&quot;:&quot;&quot;},&quot;_ha_eqh_enable&quot;:false}\">\n\t\t\t\t\t\t<div class=\"elementor-container elementor-column-gap-default\">\n\t\t\t\t\t\t\t<div class=\"elementor-row\">\n\t\t\t\t\t<div class=\"elementor-column elementor-col-100 elementor-top-column elementor-element elementor-element-d4b0a6d\" data-id=\"d4b0a6d\" data-element_type=\"column\">\n\t\t\t<div class=\"elementor-column-wrap elementor-element-populated\">\n\t\t\t\t\t\t\t<div class=\"elementor-widget-wrap\">\n\t\t\t\t\t\t<div class=\"elementor-element elementor-element-5ccc65d elementor-widget elementor-widget-spacer\" data-id=\"5ccc65d\" data-element_type=\"widget\" data-widget_type=\"spacer.default\">\n\t\t\t\t<div class=\"elementor-widget-container\">\n\t\t\t\t\t<div class=\"elementor-spacer\">\n\t\t\t<div class=\"elementor-spacer-inner\"><\/div>\n\t\t<\/div>\n\t\t\t\t<\/div>\n\t\t\t\t<\/div>\n\t\t\t\t\t\t<\/div>\n\t\t\t\t\t<\/div>\n\t\t<\/div>\n\t\t\t\t\t\t\t\t<\/div>\n\t\t\t\t\t<\/div>\n\t\t<\/section>\n\t\t\t\t<section class=\"elementor-section elementor-top-section elementor-element elementor-element-6d3ae20 elementor-section-stretched elementor-section-boxed elementor-section-height-default elementor-section-height-default\" data-id=\"6d3ae20\" data-element_type=\"section\" data-settings=\"{&quot;stretch_section&quot;:&quot;section-stretched&quot;,&quot;background_background&quot;:&quot;classic&quot;,&quot;background_image&quot;:{&quot;url&quot;:&quot;https:\\\/\\\/paulojorgebarbershop.com\\\/wp-content\\\/uploads\\\/2022\\\/02\\\/border_2.png&quot;,&quot;id&quot;:24957,&quot;alt&quot;:&quot;&quot;,&quot;source&quot;:&quot;library&quot;},&quot;background_image_tablet&quot;:{&quot;url&quot;:&quot;&quot;,&quot;id&quot;:&quot;&quot;},&quot;background_image_mobile&quot;:{&quot;url&quot;:&quot;&quot;,&quot;id&quot;:&quot;&quot;},&quot;_ha_eqh_enable&quot;:false}\">\n\t\t\t\t\t\t<div class=\"elementor-container elementor-column-gap-default\">\n\t\t\t\t\t\t\t<div class=\"elementor-row\">\n\t\t\t\t\t<div class=\"elementor-column elementor-col-100 elementor-top-column elementor-element elementor-element-3fe6273\" data-id=\"3fe6273\" data-element_type=\"column\">\n\t\t\t<div class=\"elementor-column-wrap elementor-element-populated\">\n\t\t\t\t\t\t\t<div class=\"elementor-widget-wrap\">\n\t\t\t\t\t\t<div class=\"elementor-element elementor-element-bfbf33d elementor-widget elementor-widget-spacer\" data-id=\"bfbf33d\" data-element_type=\"widget\" data-widget_type=\"spacer.default\">\n\t\t\t\t<div class=\"elementor-widget-container\">\n\t\t\t\t\t<div class=\"elementor-spacer\">\n\t\t\t<div class=\"elementor-spacer-inner\"><\/div>\n\t\t<\/div>\n\t\t\t\t<\/div>\n\t\t\t\t<\/div>\n\t\t\t\t\t\t<\/div>\n\t\t\t\t\t<\/div>\n\t\t<\/div>\n\t\t\t\t\t\t\t\t<\/div>\n\t\t\t\t\t<\/div>\n\t\t<\/section>\n\t\t\t\t<section class=\"elementor-section elementor-top-section elementor-element elementor-element-de05962 elementor-section-stretched elementor-section-boxed elementor-section-height-default elementor-section-height-default\" data-id=\"de05962\" data-element_type=\"section\" data-settings=\"{&quot;stretch_section&quot;:&quot;section-stretched&quot;,&quot;_ha_eqh_enable&quot;:false}\">\n\t\t\t\t\t\t<div class=\"elementor-container elementor-column-gap-default\">\n\t\t\t\t\t\t\t<div class=\"elementor-row\">\n\t\t\t\t\t<div class=\"elementor-column elementor-col-100 elementor-top-column elementor-element elementor-element-3f47868\" data-id=\"3f47868\" data-element_type=\"column\">\n\t\t\t<div class=\"elementor-column-wrap elementor-element-populated\">\n\t\t\t\t\t\t\t<div class=\"elementor-widget-wrap\">\n\t\t\t\t\t\t<div class=\"elementor-element elementor-element-3718ab6 elementor-widget elementor-widget-text-editor\" data-id=\"3718ab6\" data-element_type=\"widget\" data-widget_type=\"text-editor.default\">\n\t\t\t\t<div class=\"elementor-widget-container\">\n\t\t\t\t\t\t\t\t<div class=\"elementor-text-editor elementor-clearfix\">\n\t\t\t\t<div>\n<div>\n<div>\n<div>\n<div>\n<div>\n<p>Your access to and use of this website&nbsp;<strong>www.paulojorgebarbershop.com<\/strong>&nbsp;(hereinafter referred to as the website attributes the condition of user to the visitor&#039;s it.<\/p>\n<p class=\" translation-block\">Paulo Jorge Barbershop, based on the Ladeira das \u00c1guas Quentes 145, Ponta Delgada,\u00a0S\u00e3o Miguel Azores islands, in the name of Paulo Jorge de Couto with a TAX id number 207 614 709, is responsible for the website, and we are committed to ensuring the privacy of the personal data of the users are the same.<\/p>\n<p>Please read the following to understand and take notice of how the information you provide shall be processed by the Paulo Jorge Barbershop.<\/p>\n<\/div>\n<\/div>\n<\/div>\n<\/div>\n<\/div>\n<div>\n<div>\n<div>\n<div>\n<h5><br><\/h5>\n<h5>1 \u2013 DEFINITIONS<\/h5>\n<div><strong>1.1&nbsp;&nbsp;<\/strong>For the personal data that shall be read for the information of any kind, and media, including sound and image, relating to an identified or identifiable natural person. It is regarded as an identifiable person who can be identified, directly or indirectly, in particular by reference to an identification number or to one or more factors specific to his physical identity, physiological, mental, economic, cultural or social.<\/div>\n<\/div>\n<\/div>\n<\/div>\n<\/div>\n<div><\/div>\n<div>\n<div>\n<div>\n<div>\n<h5><\/h5>\n<h5><br><\/h5>\n<h5>2 \u2013 THE CONTROLLER AND THE SUPERVISORY AUTHORITY OF THE NATIONAL<\/h5>\n<div>\n<p><strong>2.1&nbsp;<\/strong>&nbsp;Paulo Jorge Barbershop, which is the body responsible for the collection and processing of personal data of Users, in particular, the categories of data collected and how to treat them, and the purposes for which they are used.<\/p>\n<p><strong>2.2&nbsp;<\/strong>&nbsp;The supervisor of the national | The national supervisory authority is the national Commission for data Protection (CNPD): Av. D. Carlos I, 134 \u2013 1.No 1200-651, Lisbon, e-mail&nbsp;<a href=\"mailto:geral@cnpd.pt\">geral@cnpd.pt<\/a><\/p>\n<\/div>\n<\/div>\n<\/div>\n<\/div>\n<\/div>\n<div>\n<div>\n<div>\n<div>\n<h5><\/h5>\n<h5><br><\/h5>\n<h5>3 \u2013 PERSONAL DATA THAT IS COLLECTED AND THE PURPOSE<\/h5>\n<div>\n<p><strong>3.1&nbsp;<\/strong>&nbsp;Access to the website and internet use: access of the site, are collected in an automatic way with a collection of computer data, which are stored on a temporary basis in the files themselves, are eliminated from the form automatically after a certain period of time. The collection of this data, it was the purpose of purely technical, such as in the setting of a link, the safety and security of the system, technical administration of the network and the optimization of our site. <br><br>The data, which we refer to, are the following: <br>the IP Address from the processor to the applicant; <br>(b) the Date and time of access. <br>(c) the Name and URL of the downloaded file; <br>(d) the amount of data transmitted; <br>(e) Indication of whether the transfer was successful; <br>(f) the identification Data of the browser software, and operating system; <br>(g) the Website from which you linked to our web site; <br>(h) the Name of your Internet service provider.<\/p>\n<p><strong>3.2&nbsp;<\/strong>&nbsp;During the visit of the site, with the&nbsp;<span style=\"color: var( --e-global-color-text ); font-family: var( --e-global-typography-text-font-family ), Sans-serif; font-weight: var( --e-global-typography-text-font-weight );\">Paulo Jorge Barbershop&nbsp;<\/span><span style=\"color: var( --e-global-color-text ); font-family: var( --e-global-typography-text-font-family ), Sans-serif; font-weight: var( --e-global-typography-text-font-weight );\">you can collect personal information from you (for example via e-mail by filling out the contact form or by filling the application form for the request).<\/span><\/p>\n<p><\/p>\n<p><strong>3.3&nbsp;<\/strong>&nbsp;To fill in a form for the contact you are required your name, location, contact, e-mail address. It is also provided with a dialog box where you can leave you posted with more information that contains personal data.<br><br><span style=\"font-weight: 700;\">3.4&nbsp;<\/span>&nbsp;Fill in the form of a reservation is required a name, location, contact, e-mail address. It is also provided with a dialog box where you can leave you posted with more information that contains personal data.<br><\/p>\n<p><strong>3.5&nbsp;&nbsp;<\/strong>Newsletter: The&nbsp;<span style=\"color: var( --e-global-color-text ); font-family: var( --e-global-typography-text-font-family ), Sans-serif; font-weight: var( --e-global-typography-text-font-weight );\">Paulo Jorge Barbershop&nbsp;<\/span><span style=\"color: var( --e-global-color-text ); font-family: var( --e-global-typography-text-font-family ), Sans-serif; font-weight: var( --e-global-typography-text-font-weight );\">it offers the possibility of subscribing to a free newsletter for your site. The purpose of this service is aimed at bringing to the attention of your subscribers with relevant information within the areas of interest covered by the services offered by the&nbsp;<\/span><span style=\"color: var( --e-global-color-text ); font-family: var( --e-global-typography-text-font-family ), Sans-serif; font-weight: var( --e-global-typography-text-font-weight );\">Paulo Jorge Barbershop<\/span><span style=\"color: var( --e-global-color-text ); font-family: var( --e-global-typography-text-font-family ), Sans-serif; font-weight: var( --e-global-typography-text-font-weight );\">. In order to use this service, you will need to provide your e-mail address. You may cancel your subscription service to the newsletter from time to time, just to do this, follow the directions in this sense, the present and the end of each newsletter.<\/span><\/p>\n<p><strong>3.6&nbsp;&nbsp;<\/strong>When you use the website, the&nbsp;<span style=\"color: var( --e-global-color-text ); font-family: var( --e-global-typography-text-font-family ), Sans-serif; font-weight: var( --e-global-typography-text-font-weight );\">Paulo Jorge Barbershop<\/span><span style=\"color: var( --e-global-color-text ); font-family: var( --e-global-typography-text-font-family ), Sans-serif; font-weight: var( --e-global-typography-text-font-weight );\">&nbsp;you agree to comply with this Privacy Policy, as explained in this section of the web site. If you do not agree to the terms of this Privacy Policy, please do not provide any of your personal data by this website&nbsp;<\/span>Paulo Jorge Barbershop&nbsp;<span style=\"color: var( --e-global-color-text ); font-family: var( --e-global-typography-text-font-family ), Sans-serif; font-weight: var( --e-global-typography-text-font-weight );\">.<\/span><\/p>\n<p><strong>3.7&nbsp;&nbsp;<\/strong>The User guarantees that the personal data provided by the Paul George One is true and is responsible for communicating any changes in them.<\/p>\n<\/div>\n<\/div>\n<\/div>\n<\/div>\n<\/div>\n<div><\/div>\n<div>\n<div>\n<div>\n<div>\n<h5><\/h5>\n<h5><br><\/h5>\n<h5>4 \u2013 THE PERIOD OF RETENTION OF YOUR DATA<\/h5>\n<div>Your personal data will be kept for the period necessary to comply with our legal obligations. In the absence of a requirement of the law specifies that the user&#039;s personal data will be stored and kept for a period of 5 years after the last change, update, or by the interaction of the user with the&nbsp;<span style=\"color: var( --e-global-color-text ); font-family: var( --e-global-typography-text-font-family ), Sans-serif; font-weight: var( --e-global-typography-text-font-weight );\">Paulo Jorge Barbershop<\/span><span style=\"color: var( --e-global-color-text ); font-family: var( --e-global-typography-text-font-family ), Sans-serif; font-weight: var( --e-global-typography-text-font-weight );\">. By the end of this period, they will be deleted.<\/span><\/div>\n<\/div>\n<\/div>\n<\/div>\n<\/div>\n<div><\/div>\n<div>\n<div>\n<div>\n<div>\n<h5><\/h5>\n<h5><br><\/h5>\n<h5>5 \u2013 USE THE STORAGE OF YOUR PERSONAL DATA<\/h5>\n<div>Your personal data is collected and processed by the&nbsp;<span style=\"color: var( --e-global-color-text ); font-family: var( --e-global-typography-text-font-family ), Sans-serif; font-weight: var( --e-global-typography-text-font-weight );\">Paulo Jorge Barbershop&nbsp;<\/span><span style=\"color: var( --e-global-color-text ); font-family: var( --e-global-typography-text-font-family ), Sans-serif; font-weight: var( --e-global-typography-text-font-weight );\">they are stored in computer servers with limited access that are located in controlled facilities.<\/span><\/div>\n<\/div>\n<\/div>\n<\/div>\n<\/div>\n<div><\/div>\n<div>\n<div>\n<div>\n<div>\n<h5><\/h5>\n<h5><br><\/h5>\n<h5>6 - TRANSFERS OF DATA ABROAD<\/h5>\n<div>The provision of certain services by the&nbsp;<span style=\"color: var( --e-global-color-text ); font-family: var( --e-global-typography-text-font-family ), Sans-serif; font-weight: var( --e-global-typography-text-font-weight );\">Paulo Jorge Barbershop&nbsp;<\/span><span style=\"color: var( --e-global-color-text ); font-family: var( --e-global-typography-text-font-family ), Sans-serif; font-weight: var( --e-global-typography-text-font-weight );\">it may involve transferring your data outside of the Uk. In such a case,the&nbsp;<\/span><span style=\"color: var( --e-global-color-text ); font-family: var( --e-global-typography-text-font-family ), Sans-serif; font-weight: var( --e-global-typography-text-font-weight );\">Paulo Jorge Barbershop&nbsp;<\/span><span style=\"color: var( --e-global-color-text ); font-family: var( --e-global-typography-text-font-family ), Sans-serif; font-weight: var( --e-global-typography-text-font-weight );\">comply strictly with the relevant provisions of the applicable laws, in particular as regards the determination of the suitability of this Country with regard to the protection of personal data and the requirements applicable to such transfers.<\/span><\/div>\n<\/div>\n<\/div>\n<\/div>\n<\/div>\n<div><\/div>\n<div>\n<div>\n<div>\n<div>\n<h5><\/h5>\n<h5><br><\/h5>\n<h5>7 \u2013 WITH THE SECURITY AND CONFIDENTIALITY OF THE DATA<\/h5>\n<div>It is the goal of the&nbsp;<span style=\"color: var( --e-global-color-text ); font-family: var( --e-global-typography-text-font-family ), Sans-serif; font-weight: var( --e-global-typography-text-font-weight );\">Paulo Jorge Barbershop&nbsp;<\/span><span style=\"color: var( --e-global-color-text ); font-family: var( --e-global-typography-text-font-family ), Sans-serif; font-weight: var( --e-global-typography-text-font-weight );\">to ensure the quality and completeness of the information provided by users of the web site, for what we have implemented the necessary measures, both technological and organizational, in order to keep the information safe, secure, inter alia, systems, authentication \/ access control (login and password), use a firewall and systems, intrusion detection, logging of the actions carried out by the staff of the&nbsp;<\/span><span style=\"color: var( --e-global-color-text ); font-family: var( --e-global-typography-text-font-family ), Sans-serif; font-weight: var( --e-global-typography-text-font-weight );\">Paulo Jorge Barbershop&nbsp;<\/span><span style=\"color: var( --e-global-color-text ); font-family: var( --e-global-typography-text-font-family ), Sans-serif; font-weight: var( --e-global-typography-text-font-weight );\">regarding the personal data of the customer or user (login);<\/span><\/div>\n<\/div>\n<\/div>\n<\/div>\n<\/div>\n<div><\/div>\n<div>\n<div>\n<div>\n<div>\n<h5><\/h5>\n<h5><br><\/h5>\n<h5>8 \u2013 COOKIES<\/h5>\n<div>This website uses cookies to improve its service. Some of the cookies are essential in order to ensure that the features that have been released, while others are designed to improve the performance and user experience. You must not continue to access this website after the warning is given about the cookies we use, if you don&#039;t agree to their use. For more information on the cookies used by this website and how to manage and edit, please see our cookie Policy.<\/div>\n<\/div>\n<\/div>\n<\/div>\n<\/div>\n<div><\/div>\n<div>\n<div>\n<div>\n<div>\n<h5><\/h5>\n<h5><br><\/h5>\n<h5>9 \u2013 RIGHTS OF THE DATA SUBJECTS<\/h5>\n<div>\n<p>In accordance with the legislation in force, you have the right to access and rectification of your Data, as well as the right to request the deletion of, object to their processing and to obtain the limitation and portability-to the extent that it is applicable to you. You can also object to your Data being used for the purpose of the creation of the profile of the customer; in this case, you may not be able to benefit from the offers, or custom services. In addition to this, you can at any time request to stop receiving communications for the purposes of marketing and advertising.<\/p>\n<p>These rights can be exercised by coming in direct contact with the <span style=\"color: var( --e-global-color-text ); font-family: var( --e-global-typography-text-font-family ), Sans-serif; font-weight: var( --e-global-typography-text-font-weight );\">Paulo Jorge Barbershop<\/span><span style=\"color: var( --e-global-color-text ); font-family: var( --e-global-typography-text-font-family ), Sans-serif; font-weight: var( --e-global-typography-text-font-weight );\">.<\/span><\/p>\n<p><strong>By mail:&nbsp;<\/strong>Ladeira das \u00c1guas Quentes 145, Ponta Delgada, S\u00e3o Miguel \u2013 A\u00e7ores<br><strong>E-mail address:&nbsp;<\/strong>paulojorge.cabeleireiro@gmail.com<\/p>\n<\/div>\n<\/div>\n<\/div>\n<\/div>\n<\/div>\n<div>\n<div>\n<div>\n<div>\n<h5><\/h5>\n<h5><br><\/h5>\n<h5>10 \u2013 CONNECTING TO THE SOCIAL NETWORK<\/h5>\n<div>We allow you to connect to social networks, but we are not responsible for their privacy policies, and security. It is recommended that you check it out.<br>These are the links to social networks that are external to&nbsp;<span style=\"color: var( --e-global-color-text ); font-family: var( --e-global-typography-text-font-family ), Sans-serif; font-weight: var( --e-global-typography-text-font-weight );\">Paulo Jorge Barbershop<\/span><span style=\"color: var( --e-global-color-text ); font-family: var( --e-global-typography-text-font-family ), Sans-serif; font-weight: var( --e-global-typography-text-font-weight );\">&nbsp;subject to the Privacy Policies of their own. These networks will be able to register, the information related to the activities of the users on the Internet, including on our website.<\/span><\/div>\n<div>We recommend that you review the terms of use and privacy policies of those social networks to see how exactly they use your personal information, as well as to eliminate or to limit the processing of your data.<\/div>\n<\/div>\n<\/div>\n<\/div>\n<\/div>\n<div><\/div>\n<div>\n<div>\n<div>\n<div>\n<h5><\/h5>\n<h5><br><\/h5><h5>11 \u2013 APPLICABLE LAW<\/h5>\n<div>In the event of any dispute or claim, of any kind related to this website, shall be applicable to the laws of massachusetts, regardless of conflict of laws. Without prejudice to the submission of a complaint to the national supervisory authority identified a 2.2, the parties agree that any action or legal proceeding arising out of or in connection with this Privacy Policy, it will be in the jurisdiction of the Portuguese courts and agree to submit any dispute related to this subject to the jurisdiction of the Court of the District of Ponta Delgada.<\/div>\n<\/div>\n<\/div>\n<\/div>\n<\/div>\n<div><\/div>\n<div>\n<div>\n<div>\n<div>\n<h5><\/h5>\n<h5><br><\/h5><h5>12 \u2013 UPDATES TO THE PRIVACY POLICY<\/h5>\n<div>This Privacy Policy is subject to change. An indication of the date of the last update to this document as indicated in the caption, \u201clast Updated\u201d at the bottom of this document. Changes to this Privacy Policy will come into effect from the moment of their publishing on the website.<\/div><div><br><\/div><div><br><\/div><div><br><\/div>\n<div><\/div>\n<div><\/div>\n<div><\/div>\n<\/div>\n<\/div>\n<\/div>\n<\/div>\n<\/div>\n<div>\n<div>\n<div>\n<div>\n<div>\n<div>\n<p>This notice was last updated on<strong>&nbsp;On February 18, 2022<\/strong><\/p>\n<\/div>\n<\/div>\n<\/div>\n<\/div>\n<\/div>\n<\/div>\t\t\t\t\t<\/div>\n\t\t\t\t\t\t<\/div>\n\t\t\t\t<\/div>\n\t\t\t\t\t\t<\/div>\n\t\t\t\t\t<\/div>\n\t\t<\/div>\n\t\t\t\t\t\t\t\t<\/div>\n\t\t\t\t\t<\/div>\n\t\t<\/section>\n\t\t\t\t\t\t\t\t\t<\/div>\n\t\t\t<\/div>\n\t\t\t\t\t<\/div>","protected":false},"excerpt":{"rendered":"<p>Pol\u00edtica de Privacidade O acesso e uso do website&nbsp;www.paulojorgebarbershop.com&nbsp;(adiante designado de website) atribui a condi\u00e7\u00e3o de utilizador ao visitante do mesmo. O Paulo Jorge Barbershop,&nbsp;com sede na Ladeira das \u00c1guas Quentes 145, Ponta Delgada,&nbsp;S\u00e3o Miguel A\u00e7ores, em nome de Paulo Jorge de CoutoPacheco com NIF 207 614 709, \u00e9 respons\u00e1vel pelo website e compromete-se a garantir a privacidade dos dados pessoais dos utilizadores do mesmo. Por favor, leia o texto que se segue, para compreender e tomar conhecimento da forma como as informa\u00e7\u00f5es que disponibilizar ser\u00e3o tratadas por Paulo Jorge Barbershop. 1 \u2013 DEFINI\u00c7\u00c3O 1.1&nbsp;&nbsp;Por dados pessoais deve ser entendida a informa\u00e7\u00e3o, de qualquer natureza e suporte, incluindo-se o som e imagem, relativa a uma pessoa singular identificada ou identific\u00e1vel. \u00c9 considerada como identific\u00e1vel uma pessoa que possa ser identificada, direta ou indiretamente, designadamente por refer\u00eancia a um n\u00famero de identifica\u00e7\u00e3o ou a um ou mais elementos espec\u00edficos da sua identidade f\u00edsica, fisiol\u00f3gica, ps\u00edquica, econ\u00f3mica, cultural ou social. 2 \u2013 RESPONS\u00c1VEL PELO TRATAMENTO E AUTORIDADE DE CONTROLO NACIONAL 2.1&nbsp;&nbsp;O Paulo Jorge Barbershop \u00e9 a entidade respons\u00e1vel pela recolha e tratamento dos dados pessoais dos Utilizadores, designadamente, pelas categorias de dados recolhidos, qual o tratamento dos mesmos e as finalidades para&#8230;<\/p>","protected":false},"author":1,"featured_media":0,"parent":0,"menu_order":8,"comment_status":"closed","ping_status":"closed","template":"","meta":[],"yoast_head":"<!-- This site is optimized with the Yoast SEO plugin v19.11 - https:\/\/yoast.com\/wordpress\/plugins\/seo\/ -->\n<title>POL\u00cdTICA DE PRIVACIDADE - Paulo Jorge Barbershop | Ponta Delgada | A\u00e7ores<\/title>\n<meta name=\"robots\" content=\"index, follow, max-snippet:-1, max-image-preview:large, max-video-preview:-1\" \/>\n<link rel=\"canonical\" href=\"https:\/\/paulojorgebarbershop.com\/en\/privacypolicy\/\" \/>\n<meta property=\"og:locale\" content=\"en_GB\" \/>\n<meta property=\"og:type\" content=\"article\" \/>\n<meta property=\"og:title\" content=\"POL\u00cdTICA DE PRIVACIDADE - Paulo Jorge Barbershop | Ponta Delgada | A\u00e7ores\" \/>\n<meta property=\"og:description\" content=\"Pol\u00edtica de Privacidade O acesso e uso do website&nbsp;www.paulojorgebarbershop.com&nbsp;(adiante designado de website) atribui a condi\u00e7\u00e3o de utilizador ao visitante do mesmo. O Paulo Jorge Barbershop,&nbsp;com sede na Ladeira das \u00c1guas Quentes 145, Ponta Delgada,&nbsp;S\u00e3o Miguel A\u00e7ores, em nome de Paulo Jorge de CoutoPacheco com NIF 207 614 709, \u00e9 respons\u00e1vel pelo website e compromete-se a garantir a privacidade dos dados pessoais dos utilizadores do mesmo. Por favor, leia o texto que se segue, para compreender e tomar conhecimento da forma como as informa\u00e7\u00f5es que disponibilizar ser\u00e3o tratadas por Paulo Jorge Barbershop. 1 \u2013 DEFINI\u00c7\u00c3O 1.1&nbsp;&nbsp;Por dados pessoais deve ser entendida a informa\u00e7\u00e3o, de qualquer natureza e suporte, incluindo-se o som e imagem, relativa a uma pessoa singular identificada ou identific\u00e1vel. \u00c9 considerada como identific\u00e1vel uma pessoa que possa ser identificada, direta ou indiretamente, designadamente por refer\u00eancia a um n\u00famero de identifica\u00e7\u00e3o ou a um ou mais elementos espec\u00edficos da sua identidade f\u00edsica, fisiol\u00f3gica, ps\u00edquica, econ\u00f3mica, cultural ou social. 2 \u2013 RESPONS\u00c1VEL PELO TRATAMENTO E AUTORIDADE DE CONTROLO NACIONAL 2.1&nbsp;&nbsp;O Paulo Jorge Barbershop \u00e9 a entidade respons\u00e1vel pela recolha e tratamento dos dados pessoais dos Utilizadores, designadamente, pelas categorias de dados recolhidos, qual o tratamento dos mesmos e as finalidades para...\" \/>\n<meta property=\"og:url\" content=\"https:\/\/paulojorgebarbershop.com\/en\/privacypolicy\/\" \/>\n<meta property=\"og:site_name\" content=\"Paulo Jorge Barbershop | Ponta Delgada | A\u00e7ores\" \/>\n<meta property=\"article:publisher\" content=\"https:\/\/www.facebook.com\/paulojorgebarbershop\" \/>\n<meta property=\"article:modified_time\" content=\"2022-02-18T04:34:21+00:00\" \/>\n<meta property=\"og:image\" content=\"https:\/\/paulojorgebarbershop.com\/php_assets\/uploads\/2022\/02\/ink2.png\" \/>\n<meta name=\"twitter:card\" content=\"summary_large_image\" \/>\n<meta name=\"twitter:label1\" content=\"Estimated reading time\" \/>\n\t<meta name=\"twitter:data1\" content=\"8 minutes\" \/>\n<script type=\"application\/ld+json\" class=\"yoast-schema-graph\">{\"@context\":\"https:\/\/schema.org\",\"@graph\":[{\"@type\":\"WebPage\",\"@id\":\"https:\/\/paulojorgebarbershop.com\/en\/privacypolicy\/\",\"url\":\"https:\/\/paulojorgebarbershop.com\/en\/privacypolicy\/\",\"name\":\"POL\u00cdTICA DE PRIVACIDADE - Paulo Jorge Barbershop | Ponta Delgada | A\u00e7ores\",\"isPartOf\":{\"@id\":\"https:\/\/paulojorgebarbershop.com\/en\/#website\"},\"datePublished\":\"2022-02-18T04:12:10+00:00\",\"dateModified\":\"2022-02-18T04:34:21+00:00\",\"breadcrumb\":{\"@id\":\"https:\/\/paulojorgebarbershop.com\/en\/privacypolicy\/#breadcrumb\"},\"inLanguage\":\"en-GB\",\"potentialAction\":[{\"@type\":\"ReadAction\",\"target\":[\"https:\/\/paulojorgebarbershop.com\/en\/privacypolicy\/\"]}]},{\"@type\":\"BreadcrumbList\",\"@id\":\"https:\/\/paulojorgebarbershop.com\/en\/privacypolicy\/#breadcrumb\",\"itemListElement\":[{\"@type\":\"ListItem\",\"position\":1,\"name\":\"In\u00edcio\",\"item\":\"https:\/\/paulojorgebarbershop.com\/\"},{\"@type\":\"ListItem\",\"position\":2,\"name\":\"POL\u00cdTICA DE PRIVACIDADE\"}]},{\"@type\":\"WebSite\",\"@id\":\"https:\/\/paulojorgebarbershop.com\/en\/#website\",\"url\":\"https:\/\/paulojorgebarbershop.com\/en\/\",\"name\":\"Paulo Jorge Barbershop | Ponta Delgada | A\u00e7ores\",\"description\":\"Bem no centro da cidade de Ponta Delgada, em S\u00e3o Miguel nos A\u00e7ores, ficam situados os nossos sal\u00f5es. Desde o corte simples, ao corte com lavagem ou at\u00e9 ao corte de barba, trabalhamos com muita precis\u00e3o para lhe darmos o look perfeito.\",\"publisher\":{\"@id\":\"https:\/\/paulojorgebarbershop.com\/en\/#organization\"},\"potentialAction\":[{\"@type\":\"SearchAction\",\"target\":{\"@type\":\"EntryPoint\",\"urlTemplate\":\"https:\/\/paulojorgebarbershop.com\/en\/?s={search_term_string}\"},\"query-input\":\"required name=search_term_string\"}],\"inLanguage\":\"en-GB\"},{\"@type\":\"Organization\",\"@id\":\"https:\/\/paulojorgebarbershop.com\/en\/#organization\",\"name\":\"Paulo Jorge Barbershop | Ponta Delgada | A\u00e7ores\",\"url\":\"https:\/\/paulojorgebarbershop.com\/en\/\",\"logo\":{\"@type\":\"ImageObject\",\"inLanguage\":\"en-GB\",\"@id\":\"https:\/\/paulojorgebarbershop.com\/en\/#\/schema\/logo\/image\/\",\"url\":\"https:\/\/paulojorgebarbershop.com\/php_assets\/uploads\/2022\/02\/logo-paulo-jorge-02.png\",\"contentUrl\":\"https:\/\/paulojorgebarbershop.com\/php_assets\/uploads\/2022\/02\/logo-paulo-jorge-02.png\",\"width\":475,\"height\":145,\"caption\":\"Paulo Jorge Barbershop | Ponta Delgada | A\u00e7ores\"},\"image\":{\"@id\":\"https:\/\/paulojorgebarbershop.com\/en\/#\/schema\/logo\/image\/\"},\"sameAs\":[\"https:\/\/www.instagram.com\/paulojorgebarbershop_\",\"https:\/\/www.facebook.com\/paulojorgebarbershop\"]}]}<\/script>\n<!-- \/ Yoast SEO plugin. -->","yoast_head_json":{"title":"POL\u00cdTICA DE PRIVACIDADE - Paulo Jorge Barbershop | Ponta Delgada | A\u00e7ores","robots":{"index":"index","follow":"follow","max-snippet":"max-snippet:-1","max-image-preview":"max-image-preview:large","max-video-preview":"max-video-preview:-1"},"canonical":"https:\/\/paulojorgebarbershop.com\/en\/privacypolicy\/","og_locale":"en_GB","og_type":"article","og_title":"POL\u00cdTICA DE PRIVACIDADE - Paulo Jorge Barbershop | Ponta Delgada | A\u00e7ores","og_description":"Pol\u00edtica de Privacidade O acesso e uso do website&nbsp;www.paulojorgebarbershop.com&nbsp;(adiante designado de website) atribui a condi\u00e7\u00e3o de utilizador ao visitante do mesmo. O Paulo Jorge Barbershop,&nbsp;com sede na Ladeira das \u00c1guas Quentes 145, Ponta Delgada,&nbsp;S\u00e3o Miguel A\u00e7ores, em nome de Paulo Jorge de CoutoPacheco com NIF 207 614 709, \u00e9 respons\u00e1vel pelo website e compromete-se a garantir a privacidade dos dados pessoais dos utilizadores do mesmo. Por favor, leia o texto que se segue, para compreender e tomar conhecimento da forma como as informa\u00e7\u00f5es que disponibilizar ser\u00e3o tratadas por Paulo Jorge Barbershop. 1 \u2013 DEFINI\u00c7\u00c3O 1.1&nbsp;&nbsp;Por dados pessoais deve ser entendida a informa\u00e7\u00e3o, de qualquer natureza e suporte, incluindo-se o som e imagem, relativa a uma pessoa singular identificada ou identific\u00e1vel. \u00c9 considerada como identific\u00e1vel uma pessoa que possa ser identificada, direta ou indiretamente, designadamente por refer\u00eancia a um n\u00famero de identifica\u00e7\u00e3o ou a um ou mais elementos espec\u00edficos da sua identidade f\u00edsica, fisiol\u00f3gica, ps\u00edquica, econ\u00f3mica, cultural ou social. 2 \u2013 RESPONS\u00c1VEL PELO TRATAMENTO E AUTORIDADE DE CONTROLO NACIONAL 2.1&nbsp;&nbsp;O Paulo Jorge Barbershop \u00e9 a entidade respons\u00e1vel pela recolha e tratamento dos dados pessoais dos Utilizadores, designadamente, pelas categorias de dados recolhidos, qual o tratamento dos mesmos e as finalidades para...","og_url":"https:\/\/paulojorgebarbershop.com\/en\/privacypolicy\/","og_site_name":"Paulo Jorge Barbershop | Ponta Delgada | A\u00e7ores","article_publisher":"https:\/\/www.facebook.com\/paulojorgebarbershop","article_modified_time":"2022-02-18T04:34:21+00:00","og_image":[{"url":"https:\/\/paulojorgebarbershop.com\/php_assets\/uploads\/2022\/02\/ink2.png"}],"twitter_card":"summary_large_image","twitter_misc":{"Estimated reading time":"8 minutes"},"schema":{"@context":"https:\/\/schema.org","@graph":[{"@type":"WebPage","@id":"https:\/\/paulojorgebarbershop.com\/en\/privacypolicy\/","url":"https:\/\/paulojorgebarbershop.com\/en\/privacypolicy\/","name":"POL\u00cdTICA DE PRIVACIDADE - Paulo Jorge Barbershop | Ponta Delgada | A\u00e7ores","isPartOf":{"@id":"https:\/\/paulojorgebarbershop.com\/en\/#website"},"datePublished":"2022-02-18T04:12:10+00:00","dateModified":"2022-02-18T04:34:21+00:00","breadcrumb":{"@id":"https:\/\/paulojorgebarbershop.com\/en\/privacypolicy\/#breadcrumb"},"inLanguage":"en-GB","potentialAction":[{"@type":"ReadAction","target":["https:\/\/paulojorgebarbershop.com\/en\/privacypolicy\/"]}]},{"@type":"BreadcrumbList","@id":"https:\/\/paulojorgebarbershop.com\/en\/privacypolicy\/#breadcrumb","itemListElement":[{"@type":"ListItem","position":1,"name":"In\u00edcio","item":"https:\/\/paulojorgebarbershop.com\/"},{"@type":"ListItem","position":2,"name":"POL\u00cdTICA DE PRIVACIDADE"}]},{"@type":"WebSite","@id":"https:\/\/paulojorgebarbershop.com\/en\/#website","url":"https:\/\/paulojorgebarbershop.com\/en\/","name":"Paulo Jorge Barbershop | Ponta Delgada | A\u00e7ores","description":"Bem no centro da cidade de Ponta Delgada, em S\u00e3o Miguel nos A\u00e7ores, ficam situados os nossos sal\u00f5es. Desde o corte simples, ao corte com lavagem ou at\u00e9 ao corte de barba, trabalhamos com muita precis\u00e3o para lhe darmos o look perfeito.","publisher":{"@id":"https:\/\/paulojorgebarbershop.com\/en\/#organization"},"potentialAction":[{"@type":"SearchAction","target":{"@type":"EntryPoint","urlTemplate":"https:\/\/paulojorgebarbershop.com\/en\/?s={search_term_string}"},"query-input":"required name=search_term_string"}],"inLanguage":"en-GB"},{"@type":"Organization","@id":"https:\/\/paulojorgebarbershop.com\/en\/#organization","name":"Paulo Jorge Barbershop | Ponta Delgada | A\u00e7ores","url":"https:\/\/paulojorgebarbershop.com\/en\/","logo":{"@type":"ImageObject","inLanguage":"en-GB","@id":"https:\/\/paulojorgebarbershop.com\/en\/#\/schema\/logo\/image\/","url":"https:\/\/paulojorgebarbershop.com\/php_assets\/uploads\/2022\/02\/logo-paulo-jorge-02.png","contentUrl":"https:\/\/paulojorgebarbershop.com\/php_assets\/uploads\/2022\/02\/logo-paulo-jorge-02.png","width":475,"height":145,"caption":"Paulo Jorge Barbershop | Ponta Delgada | A\u00e7ores"},"image":{"@id":"https:\/\/paulojorgebarbershop.com\/en\/#\/schema\/logo\/image\/"},"sameAs":["https:\/\/www.instagram.com\/paulojorgebarbershop_","https:\/\/www.facebook.com\/paulojorgebarbershop"]}]}},"_links":{"self":[{"href":"https:\/\/paulojorgebarbershop.com\/en\/wp-json\/wp\/v2\/pages\/25610"}],"collection":[{"href":"https:\/\/paulojorgebarbershop.com\/en\/wp-json\/wp\/v2\/pages"}],"about":[{"href":"https:\/\/paulojorgebarbershop.com\/en\/wp-json\/wp\/v2\/types\/page"}],"author":[{"embeddable":true,"href":"https:\/\/paulojorgebarbershop.com\/en\/wp-json\/wp\/v2\/users\/1"}],"replies":[{"embeddable":true,"href":"https:\/\/paulojorgebarbershop.com\/en\/wp-json\/wp\/v2\/comments?post=25610"}],"version-history":[{"count":10,"href":"https:\/\/paulojorgebarbershop.com\/en\/wp-json\/wp\/v2\/pages\/25610\/revisions"}],"predecessor-version":[{"id":25621,"href":"https:\/\/paulojorgebarbershop.com\/en\/wp-json\/wp\/v2\/pages\/25610\/revisions\/25621"}],"wp:attachment":[{"href":"https:\/\/paulojorgebarbershop.com\/en\/wp-json\/wp\/v2\/media?parent=25610"}],"curies":[{"name":"wp","href":"https:\/\/api.w.org\/{rel}","templated":true}]}}